{"id":1694,"date":"2020-05-14T07:15:10","date_gmt":"2020-05-14T07:15:10","guid":{"rendered":"https:\/\/www.lepalaisdupaindepices.com\/kontakt\/"},"modified":"2025-05-21T08:44:28","modified_gmt":"2025-05-21T08:44:28","slug":"kontakt","status":"publish","type":"page","link":"https:\/\/www.lepalaisdupaindepices.com\/de\/kontakt\/","title":{"rendered":"Kontakt"},"content":{"rendered":"\t\t<div data-elementor-type=\"wp-page\" data-elementor-id=\"1694\" class=\"elementor elementor-1694 elementor-433\">\n\t\t\t\t\t\t<section class=\"elementor-section elementor-top-section elementor-element elementor-element-64db94ca elementor-section-stretched elementor-section-full_width elementor-section-height-default elementor-section-height-default\" data-id=\"64db94ca\" data-element_type=\"section\" data-settings=\"{&quot;stretch_section&quot;:&quot;section-stretched&quot;,&quot;background_background&quot;:&quot;classic&quot;}\">\n\t\t\t\t\t\t<div class=\"elementor-container elementor-column-gap-no\">\n\t\t\t\t\t<div class=\"elementor-column elementor-col-100 elementor-top-column elementor-element elementor-element-46f7c230\" data-id=\"46f7c230\" data-element_type=\"column\">\n\t\t\t<div class=\"elementor-widget-wrap elementor-element-populated\">\n\t\t\t\t\t\t<div class=\"elementor-element elementor-element-0b8df6d elementor-widget elementor-widget-spacer\" data-id=\"0b8df6d\" data-element_type=\"widget\" data-widget_type=\"spacer.default\">\n\t\t\t\t<div class=\"elementor-widget-container\">\n\t\t\t\t\t\t\t<div class=\"elementor-spacer\">\n\t\t\t<div class=\"elementor-spacer-inner\"><\/div>\n\t\t<\/div>\n\t\t\t\t\t\t<\/div>\n\t\t\t\t<\/div>\n\t\t\t\t<div class=\"elementor-element elementor-element-7ab953f2 elementor-widget elementor-widget-muzex_contact\" data-id=\"7ab953f2\" data-element_type=\"widget\" data-widget_type=\"muzex_contact.default\">\n\t\t\t\t<div class=\"elementor-widget-container\">\n\t\t\t\t\t\n        <div class=\"contact-one \">\n            <div class=\"container\">\n                <div class=\"block-title-two text-center\">\n                    <p>Contact<\/p>\n                    <h3><\/h3>\n                <\/div><!-- \/.block-title-two -->\n                <div class=\"row\">\n                    <div class=\"col-lg-4\">\n                        <div class=\"contact-one__box\">\n                            <h3>Le Palais du Pain d'\u00c9pices<\/h3>\n                            <p>144, route de Strasbourg<br>\n67140 GERTWILLER <br>\nTel : 03 88 08 04 26<br>\nMail : <a href=\"mailto:info@lepalaisdupaindepices.com\">info@lepalaisdupaindepices.com<\/a><\/p>\n                        <\/div><!-- \/.contact-one__box -->\n                        <div class=\"contact-one__box\">\n                            <h3>Contact Presse<\/h3>\n                            <p><em>(contact exclusivement r\u00e9serv\u00e9 aux m\u00e9dias \/ journalistes)<\/em><br>\nSCL CONSEIL.<br>\nSabrina Curto-Laverny <br>\n<a href=\"mailto:sabrina@scl-conseil.fr\">sabrina@scl-conseil.fr<\/a><br>\n06 63 30 27 66<br>\n<a href=\"#\" target=\"_blank\">Communiqu\u00e9 de presse \u00e0 t\u00e9l\u00e9charger (\u00e0 venir)<\/a><\/p>\n                            <p>\n                                <a href=\"#\"><\/a> <br> <a href=\"tel:(617)-495-9400-326\"><\/a><\/p>\n                        <\/div><!-- \/.contact-one__box -->\n                        <div class=\"contact-one__box\">\n                            <h3><\/h3>\n                            <div class=\"contact-one__box-social\">\n\t\t\t\t\t\t\t\t\t\t\t\t\t\t\t\t\t\t\t\t\t\t\t\t\t\t\t\t\t\t\t\t                            <\/div><!-- \/.contact-one__box-social -->\n                        <\/div><!-- \/.contact-one__box -->\n                    <\/div><!-- \/.col-lg-4 -->\n                    <div class=\"col-lg-8\">\n                        <p class=\"wpcf7-contact-form-not-found\"><strong>Fehler:<\/strong> Kontaktformular wurde nicht gefunden.<\/p>                    <\/div><!-- \/.col-lg-8 -->\n                <\/div><!-- \/.row -->\n            <\/div><!-- \/.container -->\n        <\/div><!-- \/.contact-one -->\n            \n\t\t\t\t\t\t<\/div>\n\t\t\t\t<\/div>\n\t\t\t\t<div class=\"elementor-element elementor-element-b46553c elementor-widget elementor-widget-google_maps\" data-id=\"b46553c\" data-element_type=\"widget\" data-widget_type=\"google_maps.default\">\n\t\t\t\t<div class=\"elementor-widget-container\">\n\t\t\t\t\t\t\t<div class=\"elementor-custom-embed\">\n\t\t\t<iframe loading=\"lazy\"\n\t\t\t\t\tsrc=\"https:\/\/maps.google.com\/maps?q=Le%20Palais%20du%20Pain%20d%27%C3%89pices&#038;t=m&#038;z=10&#038;output=embed&#038;iwloc=near\"\n\t\t\t\t\ttitle=\"Le Palais du Pain d&#039;\u00c9pices\"\n\t\t\t\t\taria-label=\"Le Palais du Pain d&#039;\u00c9pices\"\n\t\t\t><\/iframe>\n\t\t<\/div>\n\t\t\t\t\t\t<\/div>\n\t\t\t\t<\/div>\n\t\t\t\t\t<\/div>\n\t\t<\/div>\n\t\t\t\t\t<\/div>\n\t\t<\/section>\n\t\t<div class=\"elementor-element elementor-element-0dedab6 e-flex e-con-boxed e-con e-parent\" data-id=\"0dedab6\" data-element_type=\"container\">\n\t\t\t\t\t<div class=\"e-con-inner\">\n\t\t\t\t<div class=\"elementor-element elementor-element-1517733 elementor-widget elementor-widget-spacer\" data-id=\"1517733\" data-element_type=\"widget\" data-widget_type=\"spacer.default\">\n\t\t\t\t<div class=\"elementor-widget-container\">\n\t\t\t\t\t\t\t<div class=\"elementor-spacer\">\n\t\t\t<div class=\"elementor-spacer-inner\"><\/div>\n\t\t<\/div>\n\t\t\t\t\t\t<\/div>\n\t\t\t\t<\/div>\n\t\t\t\t<div class=\"elementor-element elementor-element-79f4a27 elementor-widget elementor-widget-heading\" data-id=\"79f4a27\" data-element_type=\"widget\" data-widget_type=\"heading.default\">\n\t\t\t\t<div class=\"elementor-widget-container\">\n\t\t\t\t\t<h2 class=\"elementor-heading-title elementor-size-default\">Annie et Aline vous accueillent<\/h2>\t\t\t\t<\/div>\n\t\t\t\t<\/div>\n\t\t\t\t<div class=\"elementor-element elementor-element-a9976eb elementor-widget elementor-widget-image\" data-id=\"a9976eb\" data-element_type=\"widget\" data-widget_type=\"image.default\">\n\t\t\t\t<div class=\"elementor-widget-container\">\n\t\t\t\t\t\t\t\t\t\t\t\t\t\t\t<img fetchpriority=\"high\" decoding=\"async\" width=\"525\" height=\"317\" src=\"https:\/\/www.lepalaisdupaindepices.com\/wp-content\/uploads\/2025\/05\/contact-768x463.png\" class=\"attachment-medium_large size-medium_large wp-image-2124\" alt=\"\" srcset=\"https:\/\/www.lepalaisdupaindepices.com\/wp-content\/uploads\/2025\/05\/contact-768x463.png 768w, https:\/\/www.lepalaisdupaindepices.com\/wp-content\/uploads\/2025\/05\/contact-300x181.png 300w, https:\/\/www.lepalaisdupaindepices.com\/wp-content\/uploads\/2025\/05\/contact-1024x618.png 1024w, https:\/\/www.lepalaisdupaindepices.com\/wp-content\/uploads\/2025\/05\/contact-1536x926.png 1536w, https:\/\/www.lepalaisdupaindepices.com\/wp-content\/uploads\/2025\/05\/contact.png 1542w\" sizes=\"(max-width: 525px) 100vw, 525px\" \/>\t\t\t\t\t\t\t\t\t\t\t\t\t\t\t<\/div>\n\t\t\t\t<\/div>\n\t\t\t\t\t<\/div>\n\t\t\t\t<\/div>\n\t\t<div class=\"elementor-element elementor-element-7b30e35 e-flex e-con-boxed e-con e-parent\" data-id=\"7b30e35\" data-element_type=\"container\">\n\t\t\t\t\t<div class=\"e-con-inner\">\n\t\t\t\t<div class=\"elementor-element elementor-element-63abefb elementor-widget elementor-widget-spacer\" data-id=\"63abefb\" data-element_type=\"widget\" data-widget_type=\"spacer.default\">\n\t\t\t\t<div class=\"elementor-widget-container\">\n\t\t\t\t\t\t\t<div class=\"elementor-spacer\">\n\t\t\t<div class=\"elementor-spacer-inner\"><\/div>\n\t\t<\/div>\n\t\t\t\t\t\t<\/div>\n\t\t\t\t<\/div>\n\t\t\t\t\t<\/div>\n\t\t\t\t<\/div>\n\t\t\t\t<\/div>\n\t\t","protected":false},"excerpt":{"rendered":"<p>Contact Le Palais du Pain d&#8217;\u00c9pices 144, route de Strasbourg 67140 GERTWILLER Tel : 03 88 08 04 26 Mail : info@lepalaisdupaindepices.com Contact Presse (contact exclusivement r\u00e9serv\u00e9 aux m\u00e9dias \/ journalistes) SCL CONSEIL. Sabrina Curto-Laverny sabrina@scl-conseil.fr 06 63 30 27 66 Communiqu\u00e9 de presse \u00e0 t\u00e9l\u00e9charger (\u00e0 venir) Annie et Aline vous accueillent<\/p>\n","protected":false},"author":1,"featured_media":0,"parent":0,"menu_order":0,"comment_status":"closed","ping_status":"closed","template":"","meta":{"footnotes":""},"class_list":["post-1694","page","type-page","status-publish","hentry"],"yoast_head":"<!-- This site is optimized with the Yoast SEO plugin v26.6 - https:\/\/yoast.com\/wordpress\/plugins\/seo\/ -->\n<title>Kontakt | Le palais du pain d&#039;\u00e9pices<\/title>\n<meta name=\"robots\" content=\"index, follow, max-snippet:-1, max-image-preview:large, max-video-preview:-1\" \/>\n<link rel=\"canonical\" href=\"https:\/\/www.lepalaisdupaindepices.com\/de\/kontakt\/\" \/>\n<meta property=\"og:locale\" content=\"de_DE\" \/>\n<meta property=\"og:type\" content=\"article\" \/>\n<meta property=\"og:title\" content=\"Kontakt | Le palais du pain d&#039;\u00e9pices\" \/>\n<meta property=\"og:description\" content=\"Contact Le Palais du Pain d&#8217;\u00c9pices 144, route de Strasbourg 67140 GERTWILLER Tel : 03 88 08 04 26 Mail : info@lepalaisdupaindepices.com Contact Presse (contact exclusivement r\u00e9serv\u00e9 aux m\u00e9dias \/ journalistes) SCL CONSEIL. Sabrina Curto-Laverny sabrina@scl-conseil.fr 06 63 30 27 66 Communiqu\u00e9 de presse \u00e0 t\u00e9l\u00e9charger (\u00e0 venir) Annie et Aline vous accueillent\" \/>\n<meta property=\"og:url\" content=\"https:\/\/www.lepalaisdupaindepices.com\/de\/kontakt\/\" \/>\n<meta property=\"og:site_name\" content=\"Le palais du pain d&#039;\u00e9pices\" \/>\n<meta property=\"article:modified_time\" content=\"2025-05-21T08:44:28+00:00\" \/>\n<meta property=\"og:image\" content=\"https:\/\/www.lepalaisdupaindepices.com\/wp-content\/uploads\/2025\/05\/contact.png\" \/>\n\t<meta property=\"og:image:width\" content=\"1542\" \/>\n\t<meta property=\"og:image:height\" content=\"930\" \/>\n\t<meta property=\"og:image:type\" content=\"image\/png\" \/>\n<meta name=\"twitter:card\" content=\"summary_large_image\" \/>\n<meta name=\"twitter:label1\" content=\"Gesch\u00e4tzte Lesezeit\" \/>\n\t<meta name=\"twitter:data1\" content=\"1\u00a0Minute\" \/>\n<script type=\"application\/ld+json\" class=\"yoast-schema-graph\">{\"@context\":\"https:\/\/schema.org\",\"@graph\":[{\"@type\":\"WebPage\",\"@id\":\"https:\/\/www.lepalaisdupaindepices.com\/de\/kontakt\/\",\"url\":\"https:\/\/www.lepalaisdupaindepices.com\/de\/kontakt\/\",\"name\":\"Kontakt | Le palais du pain d&#039;\u00e9pices\",\"isPartOf\":{\"@id\":\"https:\/\/www.lepalaisdupaindepices.com\/de\/#website\"},\"primaryImageOfPage\":{\"@id\":\"https:\/\/www.lepalaisdupaindepices.com\/de\/kontakt\/#primaryimage\"},\"image\":{\"@id\":\"https:\/\/www.lepalaisdupaindepices.com\/de\/kontakt\/#primaryimage\"},\"thumbnailUrl\":\"https:\/\/www.lepalaisdupaindepices.com\/wp-content\/uploads\/2025\/05\/contact-768x463.png\",\"datePublished\":\"2020-05-14T07:15:10+00:00\",\"dateModified\":\"2025-05-21T08:44:28+00:00\",\"breadcrumb\":{\"@id\":\"https:\/\/www.lepalaisdupaindepices.com\/de\/kontakt\/#breadcrumb\"},\"inLanguage\":\"de\",\"potentialAction\":[{\"@type\":\"ReadAction\",\"target\":[\"https:\/\/www.lepalaisdupaindepices.com\/de\/kontakt\/\"]}]},{\"@type\":\"ImageObject\",\"inLanguage\":\"de\",\"@id\":\"https:\/\/www.lepalaisdupaindepices.com\/de\/kontakt\/#primaryimage\",\"url\":\"https:\/\/www.lepalaisdupaindepices.com\/wp-content\/uploads\/2025\/05\/contact-768x463.png\",\"contentUrl\":\"https:\/\/www.lepalaisdupaindepices.com\/wp-content\/uploads\/2025\/05\/contact-768x463.png\"},{\"@type\":\"BreadcrumbList\",\"@id\":\"https:\/\/www.lepalaisdupaindepices.com\/de\/kontakt\/#breadcrumb\",\"itemListElement\":[{\"@type\":\"ListItem\",\"position\":1,\"name\":\"Home\",\"item\":\"https:\/\/www.lepalaisdupaindepices.com\/de\/\"},{\"@type\":\"ListItem\",\"position\":2,\"name\":\"Kontakt\"}]},{\"@type\":\"WebSite\",\"@id\":\"https:\/\/www.lepalaisdupaindepices.com\/de\/#website\",\"url\":\"https:\/\/www.lepalaisdupaindepices.com\/de\/\",\"name\":\"Le palais du pain d&#039;\u00e9pices\",\"description\":\"\",\"potentialAction\":[{\"@type\":\"SearchAction\",\"target\":{\"@type\":\"EntryPoint\",\"urlTemplate\":\"https:\/\/www.lepalaisdupaindepices.com\/de\/?s={search_term_string}\"},\"query-input\":{\"@type\":\"PropertyValueSpecification\",\"valueRequired\":true,\"valueName\":\"search_term_string\"}}],\"inLanguage\":\"de\"}]}<\/script>\n<!-- \/ Yoast SEO plugin. -->","yoast_head_json":{"title":"Kontakt | Le palais du pain d&#039;\u00e9pices","robots":{"index":"index","follow":"follow","max-snippet":"max-snippet:-1","max-image-preview":"max-image-preview:large","max-video-preview":"max-video-preview:-1"},"canonical":"https:\/\/www.lepalaisdupaindepices.com\/de\/kontakt\/","og_locale":"de_DE","og_type":"article","og_title":"Kontakt | Le palais du pain d&#039;\u00e9pices","og_description":"Contact Le Palais du Pain d&#8217;\u00c9pices 144, route de Strasbourg 67140 GERTWILLER Tel : 03 88 08 04 26 Mail : info@lepalaisdupaindepices.com Contact Presse (contact exclusivement r\u00e9serv\u00e9 aux m\u00e9dias \/ journalistes) SCL CONSEIL. Sabrina Curto-Laverny sabrina@scl-conseil.fr 06 63 30 27 66 Communiqu\u00e9 de presse \u00e0 t\u00e9l\u00e9charger (\u00e0 venir) Annie et Aline vous accueillent","og_url":"https:\/\/www.lepalaisdupaindepices.com\/de\/kontakt\/","og_site_name":"Le palais du pain d&#039;\u00e9pices","article_modified_time":"2025-05-21T08:44:28+00:00","og_image":[{"width":1542,"height":930,"url":"https:\/\/www.lepalaisdupaindepices.com\/wp-content\/uploads\/2025\/05\/contact.png","type":"image\/png"}],"twitter_card":"summary_large_image","twitter_misc":{"Gesch\u00e4tzte Lesezeit":"1\u00a0Minute"},"schema":{"@context":"https:\/\/schema.org","@graph":[{"@type":"WebPage","@id":"https:\/\/www.lepalaisdupaindepices.com\/de\/kontakt\/","url":"https:\/\/www.lepalaisdupaindepices.com\/de\/kontakt\/","name":"Kontakt | Le palais du pain d&#039;\u00e9pices","isPartOf":{"@id":"https:\/\/www.lepalaisdupaindepices.com\/de\/#website"},"primaryImageOfPage":{"@id":"https:\/\/www.lepalaisdupaindepices.com\/de\/kontakt\/#primaryimage"},"image":{"@id":"https:\/\/www.lepalaisdupaindepices.com\/de\/kontakt\/#primaryimage"},"thumbnailUrl":"https:\/\/www.lepalaisdupaindepices.com\/wp-content\/uploads\/2025\/05\/contact-768x463.png","datePublished":"2020-05-14T07:15:10+00:00","dateModified":"2025-05-21T08:44:28+00:00","breadcrumb":{"@id":"https:\/\/www.lepalaisdupaindepices.com\/de\/kontakt\/#breadcrumb"},"inLanguage":"de","potentialAction":[{"@type":"ReadAction","target":["https:\/\/www.lepalaisdupaindepices.com\/de\/kontakt\/"]}]},{"@type":"ImageObject","inLanguage":"de","@id":"https:\/\/www.lepalaisdupaindepices.com\/de\/kontakt\/#primaryimage","url":"https:\/\/www.lepalaisdupaindepices.com\/wp-content\/uploads\/2025\/05\/contact-768x463.png","contentUrl":"https:\/\/www.lepalaisdupaindepices.com\/wp-content\/uploads\/2025\/05\/contact-768x463.png"},{"@type":"BreadcrumbList","@id":"https:\/\/www.lepalaisdupaindepices.com\/de\/kontakt\/#breadcrumb","itemListElement":[{"@type":"ListItem","position":1,"name":"Home","item":"https:\/\/www.lepalaisdupaindepices.com\/de\/"},{"@type":"ListItem","position":2,"name":"Kontakt"}]},{"@type":"WebSite","@id":"https:\/\/www.lepalaisdupaindepices.com\/de\/#website","url":"https:\/\/www.lepalaisdupaindepices.com\/de\/","name":"Le palais du pain d&#039;\u00e9pices","description":"","potentialAction":[{"@type":"SearchAction","target":{"@type":"EntryPoint","urlTemplate":"https:\/\/www.lepalaisdupaindepices.com\/de\/?s={search_term_string}"},"query-input":{"@type":"PropertyValueSpecification","valueRequired":true,"valueName":"search_term_string"}}],"inLanguage":"de"}]}},"_links":{"self":[{"href":"https:\/\/www.lepalaisdupaindepices.com\/de\/wp-json\/wp\/v2\/pages\/1694","targetHints":{"allow":["GET"]}}],"collection":[{"href":"https:\/\/www.lepalaisdupaindepices.com\/de\/wp-json\/wp\/v2\/pages"}],"about":[{"href":"https:\/\/www.lepalaisdupaindepices.com\/de\/wp-json\/wp\/v2\/types\/page"}],"author":[{"embeddable":true,"href":"https:\/\/www.lepalaisdupaindepices.com\/de\/wp-json\/wp\/v2\/users\/1"}],"replies":[{"embeddable":true,"href":"https:\/\/www.lepalaisdupaindepices.com\/de\/wp-json\/wp\/v2\/comments?post=1694"}],"version-history":[{"count":23,"href":"https:\/\/www.lepalaisdupaindepices.com\/de\/wp-json\/wp\/v2\/pages\/1694\/revisions"}],"predecessor-version":[{"id":2447,"href":"https:\/\/www.lepalaisdupaindepices.com\/de\/wp-json\/wp\/v2\/pages\/1694\/revisions\/2447"}],"wp:attachment":[{"href":"https:\/\/www.lepalaisdupaindepices.com\/de\/wp-json\/wp\/v2\/media?parent=1694"}],"curies":[{"name":"wp","href":"https:\/\/api.w.org\/{rel}","templated":true}]}}