{"id":1717,"date":"2020-05-14T02:08:16","date_gmt":"2020-05-14T02:08:16","guid":{"rendered":"https:\/\/www.lepalaisdupaindepices.com\/home-02\/"},"modified":"2026-02-19T14:58:22","modified_gmt":"2026-02-19T14:58:22","slug":"home-02","status":"publish","type":"page","link":"https:\/\/www.lepalaisdupaindepices.com\/de\/","title":{"rendered":"Homepage"},"content":{"rendered":"\t\t<div data-elementor-type=\"wp-page\" data-elementor-id=\"1717\" class=\"elementor elementor-1717 elementor-21\">\n\t\t\t\t\t\t<section class=\"elementor-section elementor-top-section elementor-element elementor-element-83ab0b1 elementor-section-stretched elementor-section-full_width section-video elementor-section-height-default elementor-section-height-default\" data-id=\"83ab0b1\" data-element_type=\"section\" data-settings=\"{&quot;stretch_section&quot;:&quot;section-stretched&quot;}\">\n\t\t\t\t\t\t<div class=\"elementor-container elementor-column-gap-no\">\n\t\t\t\t\t<div class=\"elementor-column elementor-col-100 elementor-top-column elementor-element elementor-element-65a2ede\" data-id=\"65a2ede\" data-element_type=\"column\">\n\t\t\t<div class=\"elementor-widget-wrap elementor-element-populated\">\n\t\t\t\t<div class=\"elementor-element elementor-element-3c84a388 e-flex e-con-boxed e-con e-parent\" data-id=\"3c84a388\" data-element_type=\"container\">\n\t\t\t\t\t<div class=\"e-con-inner\">\n\t\t\t\t<div class=\"elementor-element elementor-element-dea57f elementor-widget elementor-widget-heading\" data-id=\"dea57f\" data-element_type=\"widget\" data-widget_type=\"heading.default\">\n\t\t\t\t<div class=\"elementor-widget-container\">\n\t\t\t\t\t<h1 class=\"elementor-heading-title elementor-size-default\">Tauchen Sie ein in die k\u00f6stliche Welt des Lebkuchens!<\/h1>\t\t\t\t<\/div>\n\t\t\t\t<\/div>\n\t\t\t\t<div class=\"elementor-element elementor-element-3c165eb7 elementor-widget elementor-widget-text-editor\" data-id=\"3c165eb7\" data-element_type=\"widget\" data-widget_type=\"text-editor.default\">\n\t\t\t\t<div class=\"elementor-widget-container\">\n\t\t\t\t\t\t\t\t\t<h4 style=\"text-align: center;\">Mannele nimmt Sie mit auf eine Entdeckungsreise durch die k\u00f6stliche Welt des Lebkuchens auf \u00fcber 800 m\u00b2. <\/h4>\t\t\t\t\t\t\t\t<\/div>\n\t\t\t\t<\/div>\n\t\t\t\t<div class=\"elementor-element elementor-element-2faa63d7 elementor-widget elementor-widget-button\" data-id=\"2faa63d7\" data-element_type=\"widget\" data-widget_type=\"button.default\">\n\t\t\t\t<div class=\"elementor-widget-container\">\n\t\t\t\t\t\t\t\t\t<div class=\"elementor-button-wrapper\">\n\t\t\t\t\t<a class=\"elementor-button elementor-button-link elementor-size-sm\" href=\"https:\/\/www.youtube.com\/watch?v=0EsCG8pV1Yg\" target=\"_blank\">\n\t\t\t\t\t\t<span class=\"elementor-button-content-wrapper\">\n\t\t\t\t\t\t<span class=\"elementor-button-icon\">\n\t\t\t\t<svg xmlns=\"http:\/\/www.w3.org\/2000\/svg\" width=\"16\" height=\"16\" viewBox=\"0 0 16 16\" fill=\"none\"><path fill-rule=\"evenodd\" clip-rule=\"evenodd\" d=\"M2 2.66665C2 1.6503 3.09215 1.00786 3.98086 1.50145L13.3141 6.8348C14.2285 7.34266 14.2285 8.65735 13.3141 9.16521L3.98086 14.4955C3.09215 14.989 2 14.3466 2 13.3303V2.66665ZM12.6666 8L3.33333 2.66665V13.3303L12.6666 8Z\" fill=\"white\"><\/path><\/svg>\t\t\t<\/span>\n\t\t\t\t\t\t\t\t\t<span class=\"elementor-button-text\">Sehen Sie das Video des Museums.<\/span>\n\t\t\t\t\t<\/span>\n\t\t\t\t\t<\/a>\n\t\t\t\t<\/div>\n\t\t\t\t\t\t\t\t<\/div>\n\t\t\t\t<\/div>\n\t\t\t\t\t<\/div>\n\t\t\t\t<\/div>\n\t\t\t\t<div class=\"elementor-element elementor-element-485e6780 elementor-widget elementor-widget-video\" data-id=\"485e6780\" data-element_type=\"widget\" data-settings=\"{&quot;youtube_url&quot;:&quot;https:\\\/\\\/youtu.be\\\/2H9UbWdzQJ8&quot;,&quot;mute&quot;:&quot;yes&quot;,&quot;autoplay&quot;:&quot;yes&quot;,&quot;play_on_mobile&quot;:&quot;yes&quot;,&quot;loop&quot;:&quot;yes&quot;,&quot;video_type&quot;:&quot;youtube&quot;}\" data-widget_type=\"video.default\">\n\t\t\t\t<div class=\"elementor-widget-container\">\n\t\t\t\t\t\t\t<div class=\"elementor-wrapper elementor-open-inline\">\n\t\t\t<div class=\"elementor-video\"><\/div>\t\t<\/div>\n\t\t\t\t\t\t<\/div>\n\t\t\t\t<\/div>\n\t\t\t\t\t<\/div>\n\t\t<\/div>\n\t\t\t\t\t<\/div>\n\t\t<\/section>\n\t\t\t\t<section class=\"elementor-section elementor-top-section elementor-element elementor-element-182983c elementor-section-stretched elementor-section-full_width section-video elementor-section-height-default elementor-section-height-default\" data-id=\"182983c\" data-element_type=\"section\" data-settings=\"{&quot;stretch_section&quot;:&quot;section-stretched&quot;,&quot;background_background&quot;:&quot;classic&quot;}\">\n\t\t\t\t\t\t<div class=\"elementor-container elementor-column-gap-no\">\n\t\t\t\t\t<div class=\"elementor-column elementor-col-100 elementor-top-column elementor-element elementor-element-8f5aa32\" data-id=\"8f5aa32\" data-element_type=\"column\">\n\t\t\t<div class=\"elementor-widget-wrap elementor-element-populated\">\n\t\t\t\t\t\t<div class=\"elementor-element elementor-element-c69f9e6 elementor-widget elementor-widget-muzex_about_service2_override\" data-id=\"c69f9e6\" data-element_type=\"widget\" data-widget_type=\"muzex_about_service2_override.default\">\n\t\t\t\t<div class=\"elementor-widget-container\">\n\t\t\t\t\t\n        <div class=\"about-cta__wrapper two \">\n\n            <section class=\"cta-two\">\n                <div class=\"container\">\n                    <div class=\"inner-container wow fadeInUp\" data-wow-duration=\"1500ms\">\n                        <div class=\"row no-gutters\">\n\n                            \n                                <div class=\"column col-lg-1\">\n                                    <div class=\"cta-two__box\">\n                                        <div class=\"cta-two__icon\">\n                                                                                            <img decoding=\"async\" src=\"https:\/\/www.lepalaisdupaindepices.com\/wp-content\/uploads\/2025\/03\/Horaire-1.svg\" alt=\"\">\n                                                                                    <\/div><!-- \/.cta-two__icon -->\n                                        <div class=\"cta-two__text\">\n                                            <div class=\"cta-two__text-inner\">\n                                                <h3>\u00d6ffnungszeiten<\/h3>\n                                                <p>Montag bis Samstag von 9:00 bis 12:00 Uhr und von 14:00 bis 18:00 Uhr . Sonn- und Feiertagen von 10:00 bis 12;00 Uhr und von 14:00 bis 18:00 Uhr.<\/p>\n\n<p>Letzter Einlass: 11:30 Uhr am Vormittag und 17:30 Uhr am Nachmittag.<\/p><\/p>\n                                            <\/div>\n                                            <a href=\"#praktische-informationen\" class=\"thm-btn\">Mehr Details<\/a><!-- \/.thm-btn -->\n                                        <\/div>\n                                    <\/div><!-- \/.cta-two__box -->\n                                <\/div><!-- \/.col-lg-4 -->\n\n                            \n                                <div class=\"column col-lg-1\">\n                                    <div class=\"cta-two__box\">\n                                        <div class=\"cta-two__icon\">\n                                                                                            <img decoding=\"async\" src=\"https:\/\/www.lepalaisdupaindepices.com\/wp-content\/uploads\/2025\/03\/\u3012.Picto-resizer-2.svg\" alt=\"\">\n                                                                                    <\/div><!-- \/.cta-two__icon -->\n                                        <div class=\"cta-two__text\">\n                                            <div class=\"cta-two__text-inner\">\n                                                <h3>Zugang<\/h3>\n                                                <p><p>144 Route de Strasbourg, Gertwiller, Frankreich<\/p>\n<p>Kostenloser Au\u00dfenparkplatz<\/p><\/p>\n                                            <\/div>\n                                            <a href=\"#praktische-informationen\" class=\"thm-btn\">Mehr Details<\/a><!-- \/.thm-btn -->\n                                        <\/div>\n                                    <\/div><!-- \/.cta-two__box -->\n                                <\/div><!-- \/.col-lg-4 -->\n\n                            \n                                <div class=\"column col-lg-1\">\n                                    <div class=\"cta-two__box\">\n                                        <div class=\"cta-two__icon\">\n                                                                                            <img decoding=\"async\" src=\"https:\/\/www.lepalaisdupaindepices.com\/wp-content\/uploads\/2025\/03\/Picto-container-1-1.svg\" alt=\"\">\n                                                                                    <\/div><!-- \/.cta-two__icon -->\n                                        <div class=\"cta-two__text\">\n                                            <div class=\"cta-two__text-inner\">\n                                                <h3>Ticketverkauf<\/h3>\n                                                <p><ul>\n    <li>Erwachsene: 4 \u20ac<\/li>\n    <li>Kinder (5-13 Jahre): 2 \u20ac<\/li>\n    <li>Kinder (-5 Jahre): Kostenlos<\/li>\n<\/ul><\/p>\n                                            <\/div>\n                                            <a href=\"https:\/\/www.lepalaisdupaindepices.com\/de\/ticketverkauf\/\" class=\"thm-btn\">Mehr Details<\/a><!-- \/.thm-btn -->\n                                        <\/div>\n                                    <\/div><!-- \/.cta-two__box -->\n                                <\/div><!-- \/.col-lg-4 -->\n\n                            \n                        <\/div><!-- \/.row -->\n                    <\/div><!-- \/.inner-container -->\n                <\/div><!-- \/.container -->\n            <\/section><!-- \/.cta-two -->\n        <\/div><!-- \/.about-cta__wrapper -->\n\n        \t\t\t\t<\/div>\n\t\t\t\t<\/div>\n\t\t\t\t<div class=\"elementor-element elementor-element-877d657 elementor-widget elementor-widget-muzex_about\" data-id=\"877d657\" data-element_type=\"widget\" id=\"der-lebkuchenpalast\" data-widget_type=\"muzex_about.default\">\n\t\t\t\t<div class=\"elementor-widget-container\">\n\t\t\t\t\t\n\t\t\t\n\t\t<div class=\"about-two noimage \" >\n\t\t\t\t\t\t\n\t\t\t            <div class=\"container\">\n                <div class=\"row\">\n                    <div class=\"col-lg-6\">\n                        <div class=\"about-two__content\">\n                            <div class=\"block-title\">\n                                <p><\/p>\n                                <h3>Entdecken Sie den Palast<\/h3>\n                            <\/div>\n                            <!-- \/.block-title -->\n                            <p class=\"about-two__highlight\">\n                                <p>Sie sich durch einen spielerischen und interaktiven Parcours f\u00fchren, in dem alle f\u00fcnf Sinne angesprochen werden. Sie bewegen sich durch verschiedene animierte R\u00e4ume, in denen Sie den Ursprung des Lebkuchens entdecken k\u00f6nnen.<\/br>\n<\/br>\nBei Ihrem Besuch entdecken Sie :<\/p><\/br>\n<ul>\n    <li>\u25cf Der Dachboden: Die Reise des Mannele durch die Geschichte des Lebkuchens in der ganzen Welt.<\/li>\n    <li>\u25cf Das Zimmer und die Tr\u00e4ume des Mannele: Interaktive Spiele f\u00fcr Gro\u00df und Klein. Die Traumbox, um die traditionelle Bilderwelt des Lebkuchens, seine Legenden, Ger\u00fcche... zu entdecken.<\/li>\n    <li>\u25cf Die K\u00fcche des Mannele: Entdeckungsreise zum Lebkuchen und seiner Herstellung, bei der alle 5 Sinne angesprochen werden...<\/li>\n    <li>\u25cf Der Wundergarten: Zuckerbrunnen, Lebkuchenblumen, Honigfluss... eine m\u00e4rchenhafte Welt wie aus H\u00e4nsel und Gretel.\n<\/ul><\/br>\n<p> Weihnachtstraditionen im Elsass: Seit jeher hat das Weihnachtsfest im Elsass eine m\u00e4rchenhafte Dimension. Traditionen, die es wiederzuentdecken gilt!<\/li>\n<\/small><\/ul><\/br>\n<p>Eine unvergessliche interaktive Reise ins Land der K\u00f6stlichkeiten wartet auf Sie.<\/p><\/br>\n<p>\n    <a class=\"arrow-link\" href=\"#bilder\">Bilder ansehen<\/a>\n<\/p>                            <\/p>\n                            <!-- \/.about-two__highlight -->\n                            <p>\n                                                            <\/p>\n                        <\/div>\n                        <!-- \/.about-two__content -->\n                    <\/div>\n                    <!-- \/.col-lg-6 -->\n                    <div class=\"col-lg-5\">\n                        <div class=\"about-two__image\">\n                            <img decoding=\"async\" src=\"https:\/\/www.lepalaisdupaindepices.com\/wp-content\/uploads\/2025\/05\/Decouvrez-le-palais-3.jpg\" alt=\"Image\" \/>\n                        <\/div>\n                        <!-- \/.about-two__image -->\n                    <\/div>\n                    <!-- \/.col-lg-5 -->\n                <\/div>\n                <!-- \/.row -->\n            <\/div>\n            <!-- \/.container -->\n        <\/section>\n            \n\t\t\t\t\t\t<\/div>\n\t\t\t\t<\/div>\n\t\t\t\t<div class=\"elementor-element elementor-element-985333d elementor-widget elementor-widget-muzex_event2\" data-id=\"985333d\" data-element_type=\"widget\" data-widget_type=\"muzex_event2.default\">\n\t\t\t\t<div class=\"elementor-widget-container\">\n\t\t\t\t\t\n        <section class=\"event-two \">\n            <img decoding=\"async\" src=\"\" class=\"event-two__sculpture\" alt=\"Image\">\n            <div class=\"container\">\n                <div class=\"block-title-two text-center\">\n                    <span class=\"block-title-two__line\"><\/span><!-- \/.block-title-two__line -->\n                    <p><\/p>\n                    <h3><\/h3>\n                <\/div><!-- \/.block-title-two -->\n\t\t\t\t\n\t\t\t\t\t\n\t\t\t\t\n                <div class=\"event-two__single\">\n                    <div class=\"row\">\n                        <div class=\"col-lg-5 wow fadeInLeft\" data-wow-duration=\"1500ms\">\n                            <div class=\"event-two__image\">\n                                <div class=\"event-two__image-inner\">\n                                    <img decoding=\"async\" src=\"https:\/\/www.lepalaisdupaindepices.com\/wp-content\/uploads\/2025\/05\/fabrique.jpg\" alt=\"Image\">\n                                <\/div><!-- \/.event-two__image-inner -->\n                            <\/div><!-- \/.event-two__image -->\n                        <\/div><!-- \/.col-lg-5 -->\n                        <div class=\"col-lg-7 d-flex\">\n                            <div class=\"my-auto\">\n                                <div class=\"event-two__content\">\n                                    <div class=\"block-title event-two__title\">\n                                        <p><\/p>\n                                        <h3>Die Fabrik<\/h3>\n                                    <\/div><!-- \/.event-two__title -->\n                                    <p><p>Am Ende des Rundgangs k\u00f6nnen Sie die Produktion* beobachten und die Geheimnisse der Lebkuchenherstellung durch die Fenster der \u00e4ltesten Lebkuchenb\u00e4ckerei im Elsass entdecken. Informations- und Erkl\u00e4rungstafeln begleiten Sie w\u00e4hrend der gesamten Produktion.<br>\nEin Verkostungskorb erm\u00f6glicht es Ihnen, eine Auswahl unserer Produkte zu probieren.<br><br><\/p>\n<p><em><small>* = je nach Produktionsplan ; uns beraten. Am Wochenende geschlossen.<\/small><\/em><\/p>                                    <\/p>\n                                    <a href=\"\" class=\"thm-btn event-two__btn\"><\/a><!-- \/.thm-btn event-two__btn -->\n                                <\/div><!-- \/.event-two__content -->\n\n                            <\/div><!-- \/.my-auto -->\n                        <\/div><!-- \/.col-lg-7 -->\n                    <\/div><!-- \/.row -->\n                <\/div><!-- \/.event-two__single -->\n\n\t\t\t\t\t\n\t\t\t\t\n                <div class=\"event-two__single\">\n                    <div class=\"row\">\n                        <div class=\"col-lg-5 wow fadeInLeft\" data-wow-duration=\"1500ms\">\n                            <div class=\"event-two__image\">\n                                <div class=\"event-two__image-inner\">\n                                    <img decoding=\"async\" src=\"https:\/\/www.lepalaisdupaindepices.com\/wp-content\/uploads\/2025\/04\/Latelier-du-Pain-dEpices-a-decorer-scaled.jpg\" alt=\"Image\">\n                                <\/div><!-- \/.event-two__image-inner -->\n                            <\/div><!-- \/.event-two__image -->\n                        <\/div><!-- \/.col-lg-5 -->\n                        <div class=\"col-lg-7 d-flex\">\n                            <div class=\"my-auto\">\n                                <div class=\"event-two__content\">\n                                    <div class=\"block-title event-two__title\">\n                                        <p><\/p>\n                                        <h3>Das Lebkuchen-Atelier<\/h3>\n                                    <\/div><!-- \/.event-two__title -->\n                                    <p>Dekorieren Sie Ihren eigenen Lebkuchen und nehmen Sie ihn mit! <\/br><\/br>Am Eingang wird Ihnen ein Lebkuchen in Form von Mannele angeboten, den Sie in unserem speziellen Bereich mit Zuckerguss und bunten Dragees personalisieren und als Andenken mit nach Hause nehmen k\u00f6nnen.<\/br><\/br>\nKein Mindestalter erforderlich: Eltern k\u00f6nnen f\u00fcr die Kleinsten dekorieren.<\/br>\nPlanen Sie etwa 10 zus\u00e4tzliche Minuten f\u00fcr diese Aktivit\u00e4t ein.                                    <\/p>\n                                    <a href=\"\" class=\"thm-btn event-two__btn\"><\/a><!-- \/.thm-btn event-two__btn -->\n                                <\/div><!-- \/.event-two__content -->\n\n                            <\/div><!-- \/.my-auto -->\n                        <\/div><!-- \/.col-lg-7 -->\n                    <\/div><!-- \/.row -->\n                <\/div><!-- \/.event-two__single -->\n\n\t\t\t\t\n            <\/div><!-- \/.container -->\n        <\/section><!-- \/.event-two -->\n            \n\t\t\t\t\t\t<\/div>\n\t\t\t\t<\/div>\n\t\t\t\t<div class=\"elementor-element elementor-element-781b48e elementor-align-center elementor-widget elementor-widget-button\" data-id=\"781b48e\" data-element_type=\"widget\" data-widget_type=\"button.default\">\n\t\t\t\t<div class=\"elementor-widget-container\">\n\t\t\t\t\t\t\t\t\t<div class=\"elementor-button-wrapper\">\n\t\t\t\t\t<a class=\"elementor-button elementor-button-link elementor-size-sm\" href=\"https:\/\/www.lepalaisdupaindepices.com\/de\/ticketverkauf\/\">\n\t\t\t\t\t\t<span class=\"elementor-button-content-wrapper\">\n\t\t\t\t\t\t<span class=\"elementor-button-icon\">\n\t\t\t\t<svg xmlns=\"http:\/\/www.w3.org\/2000\/svg\" width=\"16\" height=\"17\" fill=\"none\"><path d=\"M6 7.417a.667.667 0 0 0-.667.666v1.334a.667.667 0 1 0 1.334 0V8.083A.667.667 0 0 0 6 7.417Zm8 .666a.666.666 0 0 0 .667-.666V4.75A.666.666 0 0 0 14 4.083H2a.667.667 0 0 0-.667.667v2.667A.667.667 0 0 0 2 8.083a.667.667 0 0 1 0 1.334.667.667 0 0 0-.667.666v2.667a.667.667 0 0 0 .667.667h12a.667.667 0 0 0 .667-.667v-2.667A.666.666 0 0 0 14 9.417a.667.667 0 0 1 0-1.334Zm-.667-1.213a2 2 0 0 0 0 3.76v1.453H6.667a.667.667 0 0 0-1.334 0H2.667V10.63a2 2 0 0 0 0-3.76V5.417h2.666a.667.667 0 1 0 1.334 0h6.666V6.87Z\" fill=\"#fff\"><\/path><\/svg>\t\t\t<\/span>\n\t\t\t\t\t\t\t\t\t<span class=\"elementor-button-text\">Reservieren Sie Ihren Besuch<\/span>\n\t\t\t\t\t<\/span>\n\t\t\t\t\t<\/a>\n\t\t\t\t<\/div>\n\t\t\t\t\t\t\t\t<\/div>\n\t\t\t\t<\/div>\n\t\t\t\t\t<\/div>\n\t\t<\/div>\n\t\t\t\t\t<\/div>\n\t\t<\/section>\n\t\t<div class=\"elementor-element elementor-element-fdf1b34 e-flex e-con-boxed e-con e-parent\" data-id=\"fdf1b34\" data-element_type=\"container\">\n\t\t\t\t\t<div class=\"e-con-inner\">\n\t\t\t\t<div class=\"elementor-element elementor-element-7679350 elementor-widget elementor-widget-muzex_event2\" data-id=\"7679350\" data-element_type=\"widget\" data-widget_type=\"muzex_event2.default\">\n\t\t\t\t<div class=\"elementor-widget-container\">\n\t\t\t\t\t\n        <section class=\"event-two bg-border-primary\">\n            <img decoding=\"async\" src=\"\" class=\"event-two__sculpture\" alt=\"Image\">\n            <div class=\"container\">\n                <div class=\"block-title-two text-center\">\n                    <span class=\"block-title-two__line\"><\/span><!-- \/.block-title-two__line -->\n                    <p><\/p>\n                    <h3><\/h3>\n                <\/div><!-- \/.block-title-two -->\n\t\t\t\t\n\t\t\t\t\t\n\t\t\t\t\n                <div class=\"event-two__single\">\n                    <div class=\"row\">\n                        <div class=\"col-lg-5 wow fadeInLeft\" data-wow-duration=\"1500ms\">\n                            <div class=\"event-two__image\">\n                                <div class=\"event-two__image-inner\">\n                                    <img decoding=\"async\" src=\"https:\/\/www.lepalaisdupaindepices.com\/wp-content\/uploads\/2025\/04\/la-saga.jpg\" alt=\"Image\">\n                                <\/div><!-- \/.event-two__image-inner -->\n                            <\/div><!-- \/.event-two__image -->\n                        <\/div><!-- \/.col-lg-5 -->\n                        <div class=\"col-lg-7 d-flex\">\n                            <div class=\"my-auto\">\n                                <div class=\"event-two__content\">\n                                    <div class=\"block-title event-two__title\">\n                                        <p><\/p>\n                                        <h3>Die Saga des Palastes<\/h3>\n                                    <\/div><!-- \/.event-two__title -->\n                                    <p>Ein Palast, der dem Lebkuchen gewidmet ist: Das ist die Verwirklichung einer Leidenschaft, die seit \u00fcber 250 Jahren den Ruf des Hauses Fortwenger begr\u00fcndet.<\/br>\nBei den Rischs ist die Liebe zu gutem Lebkuchen eine Familiengeschichte, und die Ausstrahlung des Hauses Fortwenger eine Mission, die seit 3 Generationen jedes Familienmitglied voll und ganz einbezieht.<\/br><\/br>\n\u201eMannele\u201c begleitet die Besucher w\u00e4hrend des gesamten unterhaltsamen und interaktiven Rundgangs: Wer k\u00f6nnte diese Spezialit\u00e4t besser verk\u00f6rpern als dieses kleine Lebkuchenm\u00e4nnchen? Held einer sehr beliebten angels\u00e4chsischen Geschichte, <em>The Gingerbread Man<\/em>, taucht er auch im Film <em>Shrek<\/em> auf. Im Elsass ist diese Figur sehr bekannt, denn es werden Brioches zu seiner Ehren hergestellt, um den Nikolaustag zu feiern.                                    <\/p>\n                                    <a href=\"\" class=\"thm-btn event-two__btn\"><\/a><!-- \/.thm-btn event-two__btn -->\n                                <\/div><!-- \/.event-two__content -->\n\n                            <\/div><!-- \/.my-auto -->\n                        <\/div><!-- \/.col-lg-7 -->\n                    <\/div><!-- \/.row -->\n                <\/div><!-- \/.event-two__single -->\n\n\t\t\t\t\n            <\/div><!-- \/.container -->\n        <\/section><!-- \/.event-two -->\n            \n\t\t\t\t\t\t<\/div>\n\t\t\t\t<\/div>\n\t\t\t\t<div class=\"elementor-element elementor-element-1209075 elementor-widget elementor-widget-muzex_exhibition2_override\" data-id=\"1209075\" data-element_type=\"widget\" id=\"praktische-informationen\" data-widget_type=\"muzex_exhibition2_override.default\">\n\t\t\t\t<div class=\"elementor-widget-container\">\n\t\t\t\t\t\n        <script>\n            jQuery(document).ready(function($) {\n                function toggleCarousel() {\n                    var windowWidth = $(window).width();\n                    var $carousel = $(\".shadowed__carousel\");\n\n                    if (windowWidth > 991) {\n\n                    } else {\n                        if (!$carousel.hasClass(\"owl-loaded\")) {\n                            $carousel.addClass(\"owl-carousel owl-theme thm__owl-carousel \");\n                            $carousel.owlCarousel({\n                                items: 1,\n                                margin: 10,\n                                dots: true,\n                                nav: false,\n                                smartSpeed: 700,\n                                loop: true,\n                                autoplay: true,\n                                autoplayTimeout: 5000,\n                                autoplayHoverPause: true,\n                                responsive: {\n                                    767: { items: 2, margin: 30, autoplay: false },\n                                    575: { items: 1, margin: 0, autoplay: false },\n                                    0: { items: 1, margin: 0, autoplay: false }\n                                }\n                            });\n                        }\n                    }\n                }\n\n                toggleCarousel();\n                $(window).resize(toggleCarousel);\n            });\n        <\/script>\n\n        <section class=\"exhibition-two \">\n            <div class=\"container\">\n                <div class=\"block-title-two text-center\">\n                    <span class=\"block-title-two__line\"><\/span><!-- \/.block-title-two__line -->\n                    <p><\/p>\n                    <h3>Praktische Informationen<\/h3>\n                <\/div><!-- \/.block-title-two -->\n                <div class=\"shadowed__carousel exhibition-two__carousel\" >\n\t\t\n\t\t\t\t\t\t\t\n                    <div class=\"item\">\n                        <div class=\"exhibition-two__single\">\n                            <div class=\"exhibition-two__image\">\n                                <img decoding=\"async\" src=\"https:\/\/www.lepalaisdupaindepices.com\/wp-content\/plugins\/elementor\/assets\/images\/placeholder.png\" alt=\"Image\">\n                            <\/div><!-- \/.exhibition-two__image -->\n                            <div class=\"exhibition-two__content\">\n                                <h3><a href=\"\">Preise<\/a><\/h3>\n                                <span><\/span>\n                                <p><table>\n    <tr>\n        <td class=\"text-left\"><strong>Eingang Lebkuchenpalast<\/strong><br>\n            Besichtigung des Palastes und der Fabrik<\/td>\n    <\/tr>\n    <tr>\n        <td><strong>Erwachsene<\/strong><\/td>\n        <td>4 \u20ac<\/td>\n    <\/tr>\n    <tr>\n        <td><strong>Kinder<\/strong> (5-13 Jahre)<\/td>\n        <td>2 \u20ac<\/td>\n    <\/tr>\n    <tr>\n        <td><strong>Kinder<\/strong> (-5 Jahre)<\/td>\n        <td>Kostenlos<\/td>\n    <\/tr>\n    <tr>\n        <td>Inhaber der Karten Cezam, Alsace CE, Facilis und CNAS<\/td>\n        <td>2 \u20ac<\/td>\n    <\/tr>\n<tr><td><p><\/p><\/td><\/tr>\n    <tr>\n        <td class=\"text-left\"><strong>Lebkuchen-Dekorationsatelier<\/strong>\n    <\/tr>\n    <tr>\n        <td>Einzeltarif<\/td>\n        <td>4 \u20ac<\/td>\n    <\/tr>\n<\/table>\n    <p>Sie k\u00f6nnen Ihr Ticket direkt vor Ort oder online \u00fcber unseren Ticketverkauf kaufen.<\/p>\n<p><small>(Bezahlmethoden: Barzahlung und Kreditkarte)<\/small><\/p>\n    <p><small>(Preise f\u00fcr Gruppen und Schulklassen: auf Anfrage)<\/small><\/p>\n    <p class=\"text-center\">\n    <a href=\"\/de\/ticketverkauf\/\" class=\"button button-primary button-billeterie\">Ticketverkauf<\/a>\n<\/p><\/p>\n                                <a href=\"\" class=\"exhibition-two__link\"><\/a>\n                                <!-- \/.exhibition-two__link -->\n\n                            <\/div><!-- \/.exhibition-two__content -->\n                        <\/div><!-- \/.exhibition-two__single -->\n\n                    <\/div><!-- \/.item -->\n\t\t\t\t\t\n\t\t\t\t\t\t\t\n                    <div class=\"item\">\n                        <div class=\"exhibition-two__single\">\n                            <div class=\"exhibition-two__image\">\n                                <img decoding=\"async\" src=\"https:\/\/www.lepalaisdupaindepices.com\/wp-content\/plugins\/elementor\/assets\/images\/placeholder.png\" alt=\"Image\">\n                            <\/div><!-- \/.exhibition-two__image -->\n                            <div class=\"exhibition-two__content\">\n                                <h3><a href=\"\">\u00d6ffnungszeiten<\/a><\/h3>\n                                <span><\/span>\n                                <p><p class=\"text-center\"><strong>Regul\u00e4re \u00d6ffnungszeiten :<\/strong><\/p>\n<p><strong>Montag \u2013 Samstag :<\/strong> 9:00 \u2013 12:00 Uhr und 14:00 \u2013 18:00 Uhr<\/p>\n<p><strong>Sonntag und Feiertage :<\/strong> 10:00 \u2013 12:00 Uhr und 14:00 \u2013 18:00 Uhr<\/p>\n<p><small>(Letzter Einlass: 11:30 Uhr am Vormittag und 17:30 Uhr am Nachmittag.)<\/small><\/p>\n<p>Der Lebkuchenpalast ist t\u00e4glich ge\u00f6ffnet, von Mitte Februar bis Anfang Januar, um Ihnen die faszinierende Welt des Lebkuchens n\u00e4herzubringen. Am 25. Dezember und 1. Januar bleibt der Palast geschlossen.<\/p>\n<p class=\"text-center\">\n    <a href=\"\/de\/kontakt\/\" class=\"button button-primary button-info \">Kontaktieren Sie uns<\/a>\n<\/p><\/p>\n                                <a href=\"\" class=\"exhibition-two__link\"><\/a>\n                                <!-- \/.exhibition-two__link -->\n\n                            <\/div><!-- \/.exhibition-two__content -->\n                        <\/div><!-- \/.exhibition-two__single -->\n\n                    <\/div><!-- \/.item -->\n\t\t\t\t\t\n\t\t\t\t\t\t\t\n                    <div class=\"item\">\n                        <div class=\"exhibition-two__single\">\n                            <div class=\"exhibition-two__image\">\n                                <img decoding=\"async\" src=\"https:\/\/www.lepalaisdupaindepices.com\/wp-content\/plugins\/elementor\/assets\/images\/placeholder.png\" alt=\"Image\">\n                            <\/div><!-- \/.exhibition-two__image -->\n                            <div class=\"exhibition-two__content\">\n                                <h3><a href=\"\">Anfahrt<\/a><\/h3>\n                                <span><\/span>\n                                <p><p><strong>Adresse :<\/strong> 144 Rte de Strasbourg, 67140 Gertwiller, Frankreich<\/p>\n<p>Der Lebkuchenpalast ist \u00fcber verschiedene Verkehrsmittel leicht erreichbar, um Ihren Besuch so praktisch und angenehm wie m\u00f6glich zu gestalten.<\/p>\n<p><strong>Auto :<\/strong> 30 Minuten von Stra\u00dfburg entfernt, steht Ihnen ein kostenloser Au\u00dfenparkplatz zur Verf\u00fcgung.<\/p>\n<p><strong>Zug :<\/strong> Der Bahnhof Gertwiller ist nur 5 Gehminuten entfernt und von Stra\u00dfburg aus erreichbar.<\/p>\n<p class=\"text-center\">\n    <a href=\"https:\/\/www.google.com\/maps\/place\/Le+Palais+Du+Pain+D'%C3%A9pices\/@48.4127785,7.4701029,1079m\/data=!3m2!1e3!4b1!4m6!3m5!1s0x47914df474d00001:0x59c1de0868d5d907!8m2!3d48.412775!4d7.4726778!16s%2Fg%2F11d_wm5x84?entry=ttu&amp;g_ep=EgoyMDI1MDMyNC4wIKXMDSoASAFQAw%3D%3D\" target=\"_blank\" class=\"button button-primary button-map\">Auf Karte \u00f6ffnen<\/a>\n<\/p><\/p>\n                                <a href=\"\" class=\"exhibition-two__link\"><\/a>\n                                <!-- \/.exhibition-two__link -->\n\n                            <\/div><!-- \/.exhibition-two__content -->\n                        <\/div><!-- \/.exhibition-two__single -->\n\n                    <\/div><!-- \/.item -->\n\t\t\t\t\t\n\t\t\t\t\t\n                <\/div><!-- \/.exhibition-two__carousel owl-carousel owl-theme thm__owl-carousel -->\n            <\/div><!-- \/.container -->\n        <\/section><!-- \/.exhibition-two -->\n            \n\t\t\t\t\t\t<\/div>\n\t\t\t\t<\/div>\n\t\t\t\t<div class=\"elementor-element elementor-element-0c4c582 elementor-widget elementor-widget-muzex_event2\" data-id=\"0c4c582\" data-element_type=\"widget\" id=\"gruppen\" data-widget_type=\"muzex_event2.default\">\n\t\t\t\t<div class=\"elementor-widget-container\">\n\t\t\t\t\t\n        <section class=\"event-two \">\n            <img decoding=\"async\" src=\"https:\/\/www.lepalaisdupaindepices.com\/wp-content\/plugins\/elementor\/assets\/images\/placeholder.png\" class=\"event-two__sculpture\" alt=\"Image\">\n            <div class=\"container\">\n                <div class=\"block-title-two text-center\">\n                    <span class=\"block-title-two__line\"><\/span><!-- \/.block-title-two__line -->\n                    <p><\/p>\n                    <h3><\/h3>\n                <\/div><!-- \/.block-title-two -->\n\t\t\t\t\n\t\t\t\t\t\n\t\t\t\t\n                <div class=\"event-two__single\">\n                    <div class=\"row\">\n                        <div class=\"col-lg-5 wow fadeInLeft\" data-wow-duration=\"1500ms\">\n                            <div class=\"event-two__image\">\n                                <div class=\"event-two__image-inner\">\n                                    <img decoding=\"async\" src=\"https:\/\/www.lepalaisdupaindepices.com\/wp-content\/uploads\/2025\/05\/Decouvrez-le-palais-2-scaled.jpg\" alt=\"Image\">\n                                <\/div><!-- \/.event-two__image-inner -->\n                            <\/div><!-- \/.event-two__image -->\n                        <\/div><!-- \/.col-lg-5 -->\n                        <div class=\"col-lg-7 d-flex\">\n                            <div class=\"my-auto\">\n                                <div class=\"event-two__content\">\n                                    <div class=\"block-title event-two__title\">\n                                        <p><\/p>\n                                        <h3>Gruppen &amp; Unternehmen<\/h3>\n                                    <\/div><!-- \/.event-two__title -->\n                                    <p><p>Ein Muss bei der Erkundung des Elsass, nur eine halbe Stunde von Stra\u00dfburg entfernt: Der Lebkuchenpalast bietet sich als ideales Ausflugsziel an, das Genuss, Spa\u00df und Lernen perfekt vereint und alle begeistert.<\/p><br>\n<p>F\u00fcr Unternehmen: Bieten Sie Ihrem Team einen einzigartigen Moment der Geselligkeit! Nach einem Seminartag k\u00f6nnen sich Ihre Mitarbeiter beim Entdecken des kulturellen und kulinarischen Erbes der Region entspannen.<\/p><\/br>\n<p>Das Lebkuchen-Dekorationsatelier bietet zudem eine hervorragende Gelegenheit, den Teamgeist in einer originellen und angenehmen Atmosph\u00e4re zu st\u00e4rken.<\/p>\n<p class=\"buttons\">\n    <a class=\"button button-primary button-arrow\" href=\"\/de\/kontakt\/\">Kontaktieren Sie uns<\/a>\n    <a href=\"#\" class=\"button button-link button-info\">Praktische informationen<\/a>\n<\/p>                                    <\/p>\n                                    <a href=\"https:\/\/www.lepalaisdupaindepices.com\/contact\/\" class=\"thm-btn event-two__btn\"><\/a><!-- \/.thm-btn event-two__btn -->\n                                <\/div><!-- \/.event-two__content -->\n\n                            <\/div><!-- \/.my-auto -->\n                        <\/div><!-- \/.col-lg-7 -->\n                    <\/div><!-- \/.row -->\n                <\/div><!-- \/.event-two__single -->\n\n\t\t\t\t\n            <\/div><!-- \/.container -->\n        <\/section><!-- \/.event-two -->\n            \n\t\t\t\t\t\t<\/div>\n\t\t\t\t<\/div>\n\t\t\t\t<div class=\"elementor-element elementor-element-18c87c0 elementor-widget elementor-widget-muzex_about\" data-id=\"18c87c0\" data-element_type=\"widget\" data-widget_type=\"muzex_about.default\">\n\t\t\t\t<div class=\"elementor-widget-container\">\n\t\t\t\t\t\n\t\t\t\n\t\t<div class=\"about-two noimage bg-border-mid\" >\n\t\t\t\t\t\t\n\t\t\t            <div class=\"container\">\n                <div class=\"row\">\n                    <div class=\"col-lg-6\">\n                        <div class=\"about-two__content\">\n                            <div class=\"block-title\">\n                                <p><\/p>\n                                <h3>Schulgruppen<\/h3>\n                            <\/div>\n                            <!-- \/.block-title -->\n                            <p class=\"about-two__highlight\">\n                                <p>Der Lebkuchenpalast ist ein beliebtes Ziel f\u00fcr els\u00e4ssische Lehrer, da er Spa\u00df, P\u00e4dagogik und Genuss vereint. Die Besuche, die immer sehr gesch\u00e4tzt werden, beinhalten Lebkuchen-Dekorationsworkshops.<\/p>\n<br>\n<p>Laden Sie unser p\u00e4dagogisches Dokument herunter, um Ihren Besuch mit <a href=\"\/wp-content\/uploads\/2025\/04\/decouvrir-le-palais-du-pain-d-epices.pdf\" target=\"_blank\">Ihren Sch\u00fclern vorzubereiten.<\/a><\/p>\n<br>\n<p>Wir bieten Informationsmaterialien an, um Ihnen bei der Organisation Ihres Ausflugs zu helfen, und stehen f\u00fcr weitere Fragen gerne zur Verf\u00fcgung.<\/p>\n<p class=\"buttons\">\n    <a class=\"button button-primary button-arrow\" href=\"\/de\/kontakt\/\">Kontaktieren Sie uns<\/a>\n    <a href=\"#\" class=\"button button-link button-info\" >Praktische Informationen<\/a>\n<\/p>                            <\/p>\n                            <!-- \/.about-two__highlight -->\n                            <p>\n                                                            <\/p>\n                        <\/div>\n                        <!-- \/.about-two__content -->\n                    <\/div>\n                    <!-- \/.col-lg-6 -->\n                    <div class=\"col-lg-5\">\n                        <div class=\"about-two__image\">\n                            <img decoding=\"async\" src=\"https:\/\/www.lepalaisdupaindepices.com\/wp-content\/uploads\/2025\/05\/duo.jpg\" alt=\"Image\" \/>\n                        <\/div>\n                        <!-- \/.about-two__image -->\n                    <\/div>\n                    <!-- \/.col-lg-5 -->\n                <\/div>\n                <!-- \/.row -->\n            <\/div>\n            <!-- \/.container -->\n        <\/section>\n            \n\t\t\t\t\t\t<\/div>\n\t\t\t\t<\/div>\n\t\t\t\t\t<\/div>\n\t\t\t\t<\/div>\n\t\t<div class=\"elementor-element elementor-element-99f308c our-stores container e-flex e-con-boxed e-con e-parent\" data-id=\"99f308c\" data-element_type=\"container\">\n\t\t\t\t\t<div class=\"e-con-inner\">\n\t\t\t\t<div class=\"elementor-element elementor-element-59938fd elementor-widget elementor-widget-heading\" data-id=\"59938fd\" data-element_type=\"widget\" data-widget_type=\"heading.default\">\n\t\t\t\t<div class=\"elementor-widget-container\">\n\t\t\t\t\t<h2 class=\"elementor-heading-title elementor-size-default\">Unsere Gesch\u00e4fte<\/h2>\t\t\t\t<\/div>\n\t\t\t\t<\/div>\n\t\t<div class=\"elementor-element elementor-element-23bc187 e-grid e-con-full e-con e-child\" data-id=\"23bc187\" data-element_type=\"container\">\n\t\t\t\t<div class=\"elementor-element elementor-element-0e4064c elementor-position-top elementor-widget elementor-widget-image-box\" data-id=\"0e4064c\" data-element_type=\"widget\" data-widget_type=\"image-box.default\">\n\t\t\t\t<div class=\"elementor-widget-container\">\n\t\t\t\t\t<div class=\"elementor-image-box-wrapper\"><figure class=\"elementor-image-box-img\"><img fetchpriority=\"high\" decoding=\"async\" width=\"570\" height=\"400\" src=\"https:\/\/www.lepalaisdupaindepices.com\/wp-content\/uploads\/2025\/04\/Boutique-gertwiller-2-1-570x400.jpg\" class=\"attachment-muzex_570x400 size-muzex_570x400 wp-image-1847\" alt=\"\" \/><\/figure><div class=\"elementor-image-box-content\"><h3 class=\"elementor-image-box-title\">Das Gesch\u00e4ft in Gertwiller<\/h3><p class=\"elementor-image-box-description\"><p>In Gertwiller, direkt neben dem Lebkuchenpalast, befindet sich ein Gesch\u00e4ft, das vollst\u00e4ndig dieser regionalen Spezialit\u00e4t gewidmet ist. Lebkuchen gibt es hier in allen Formen und Geschmacksrichtungen: nach traditionellem Rezept, aber auch als Kekse, Getr\u00e4nke, Gew\u00fcrze und S\u00fc\u00dfigkeiten.<\/p>\n<br><p>Schon beim Eintritt verlocken die duftenden Lebkuchen-Aromen den Besucher zu den Gen\u00fcssen des Palastes!<\/p><br>\n<p>\u00d6ffnungszeiten:<br>\nMontag bis Samstag: 8 bis 12 Uhr und 13.30 bis 18.30 Uhr<br>\nSonntag und Feiertage: 10 bis 12 Uhr und 14 bis 18 Uhr<br>\nIm Januar schlie\u00dft der Laden um 18 Uhr sowie am Sonntagmorgen.<\/p>\n<p class=\"buttons\">\n    <a class=\"button button-primary button-arrow\" href=\"\/de\/kontakt\/\">Infos zur Anfahrt<\/a><\/p><\/div><\/div>\t\t\t\t<\/div>\n\t\t\t\t<\/div>\n\t\t\t\t<div class=\"elementor-element elementor-element-7369b14 elementor-position-top elementor-widget elementor-widget-image-box\" data-id=\"7369b14\" data-element_type=\"widget\" data-widget_type=\"image-box.default\">\n\t\t\t\t<div class=\"elementor-widget-container\">\n\t\t\t\t\t<div class=\"elementor-image-box-wrapper\"><figure class=\"elementor-image-box-img\"><a href=\"https:\/\/www.fortwenger.de\" tabindex=\"-1\"><img decoding=\"async\" width=\"570\" height=\"400\" src=\"https:\/\/www.lepalaisdupaindepices.com\/wp-content\/uploads\/2025\/05\/fortwenger-home-570x400.png\" class=\"attachment-muzex_570x400 size-muzex_570x400 wp-image-2014\" alt=\"\" \/><\/a><\/figure><div class=\"elementor-image-box-content\"><h3 class=\"elementor-image-box-title\"><a href=\"https:\/\/www.fortwenger.de\">Der Onlineshop<\/a><\/h3><p class=\"elementor-image-box-description\"><p>Verl\u00e4ngern Sie Ihr Besuchserlebnis in unserem Online-Shop, wo Sie Ihre Lieblingslebkuchen aus einer gro\u00dfen handwerklichen Auswahl leicht wiederfinden k\u00f6nnen. <\/p>\n<p>Ob f\u00fcr eine kleine Leckerei oder ein besonderes Geschenk, bestellen Sie mit wenigen Klicks und lassen Sie sich direkt nach Hause liefern \u2013 f\u00fcr einen Genussmoment ohne Wartezeit!<\/p>\n<p class=\"buttons\"><a class=\"button button-primary button-arrow\" href=\"https:\/\/www.fortwenger.de\">Zum Shop<\/a><\/p><\/p><\/div><\/div>\t\t\t\t<\/div>\n\t\t\t\t<\/div>\n\t\t\t\t<\/div>\n\t\t\t\t\t<\/div>\n\t\t\t\t<\/div>\n\t\t<div class=\"elementor-element elementor-element-d393500 e-flex e-con-boxed e-con e-parent\" data-id=\"d393500\" data-element_type=\"container\">\n\t\t\t\t\t<div class=\"e-con-inner\">\n\t\t\t\t<div class=\"elementor-element elementor-element-562c991 elementor-widget elementor-widget-heading\" data-id=\"562c991\" data-element_type=\"widget\" id=\"bilder\" data-widget_type=\"heading.default\">\n\t\t\t\t<div class=\"elementor-widget-container\">\n\t\t\t\t\t<h2 class=\"elementor-heading-title elementor-size-default\">Entdecken Sie eine Welt der K\u00f6stlichkeiten<\/h2>\t\t\t\t<\/div>\n\t\t\t\t<\/div>\n\t\t<div class=\"elementor-element elementor-element-9e18352 e-grid e-con-full grid-gallery e-con e-child\" data-id=\"9e18352\" data-element_type=\"container\">\n\t\t\t\t<div class=\"elementor-element elementor-element-13e2050 elementor-widget elementor-widget-image\" data-id=\"13e2050\" data-element_type=\"widget\" data-widget_type=\"image.default\">\n\t\t\t\t<div class=\"elementor-widget-container\">\n\t\t\t\t\t\t\t\t\t\t\t\t\t\t\t<img decoding=\"async\" width=\"525\" height=\"315\" src=\"https:\/\/www.lepalaisdupaindepices.com\/wp-content\/uploads\/2025\/05\/ordi-1024x614.jpg\" class=\"attachment-large size-large wp-image-2388\" alt=\"photo de la pi\u00e8ce : chambre\" srcset=\"https:\/\/www.lepalaisdupaindepices.com\/wp-content\/uploads\/2025\/05\/ordi-1024x614.jpg 1024w, https:\/\/www.lepalaisdupaindepices.com\/wp-content\/uploads\/2025\/05\/ordi-300x180.jpg 300w, https:\/\/www.lepalaisdupaindepices.com\/wp-content\/uploads\/2025\/05\/ordi-768x461.jpg 768w, https:\/\/www.lepalaisdupaindepices.com\/wp-content\/uploads\/2025\/05\/ordi-1536x921.jpg 1536w, https:\/\/www.lepalaisdupaindepices.com\/wp-content\/uploads\/2025\/05\/ordi-2048x1228.jpg 2048w\" sizes=\"(max-width: 525px) 100vw, 525px\" \/>\t\t\t\t\t\t\t\t\t\t\t\t\t\t\t<\/div>\n\t\t\t\t<\/div>\n\t\t\t\t<div class=\"elementor-element elementor-element-dbfceac elementor-widget elementor-widget-image\" data-id=\"dbfceac\" data-element_type=\"widget\" data-widget_type=\"image.default\">\n\t\t\t\t<div class=\"elementor-widget-container\">\n\t\t\t\t\t\t\t\t\t\t\t\t\t\t\t<img loading=\"lazy\" decoding=\"async\" width=\"525\" height=\"659\" src=\"https:\/\/www.lepalaisdupaindepices.com\/wp-content\/uploads\/2025\/05\/dco-816x1024.jpg\" class=\"attachment-large size-large wp-image-2356\" alt=\"palais No\u00ebl\" srcset=\"https:\/\/www.lepalaisdupaindepices.com\/wp-content\/uploads\/2025\/05\/dco-816x1024.jpg 816w, https:\/\/www.lepalaisdupaindepices.com\/wp-content\/uploads\/2025\/05\/dco-239x300.jpg 239w, https:\/\/www.lepalaisdupaindepices.com\/wp-content\/uploads\/2025\/05\/dco-768x963.jpg 768w, https:\/\/www.lepalaisdupaindepices.com\/wp-content\/uploads\/2025\/05\/dco-1225x1536.jpg 1225w, https:\/\/www.lepalaisdupaindepices.com\/wp-content\/uploads\/2025\/05\/dco-1633x2048.jpg 1633w, https:\/\/www.lepalaisdupaindepices.com\/wp-content\/uploads\/2025\/05\/dco-scaled.jpg 2041w\" sizes=\"(max-width: 525px) 100vw, 525px\" \/>\t\t\t\t\t\t\t\t\t\t\t\t\t\t\t<\/div>\n\t\t\t\t<\/div>\n\t\t\t\t<div class=\"elementor-element elementor-element-808f893 elementor-widget elementor-widget-image\" data-id=\"808f893\" data-element_type=\"widget\" data-widget_type=\"image.default\">\n\t\t\t\t<div class=\"elementor-widget-container\">\n\t\t\t\t\t\t\t\t\t\t\t\t\t\t\t<img loading=\"lazy\" decoding=\"async\" width=\"525\" height=\"229\" src=\"https:\/\/www.lepalaisdupaindepices.com\/wp-content\/uploads\/2025\/05\/la-fabrique-de-pain-d-epices-2-1024x447.jpg\" class=\"attachment-large size-large wp-image-2362\" alt=\"garni fait main\" srcset=\"https:\/\/www.lepalaisdupaindepices.com\/wp-content\/uploads\/2025\/05\/la-fabrique-de-pain-d-epices-2-1024x447.jpg 1024w, https:\/\/www.lepalaisdupaindepices.com\/wp-content\/uploads\/2025\/05\/la-fabrique-de-pain-d-epices-2-300x131.jpg 300w, https:\/\/www.lepalaisdupaindepices.com\/wp-content\/uploads\/2025\/05\/la-fabrique-de-pain-d-epices-2-768x335.jpg 768w, https:\/\/www.lepalaisdupaindepices.com\/wp-content\/uploads\/2025\/05\/la-fabrique-de-pain-d-epices-2-1536x670.jpg 1536w, https:\/\/www.lepalaisdupaindepices.com\/wp-content\/uploads\/2025\/05\/la-fabrique-de-pain-d-epices-2.jpg 1635w\" sizes=\"(max-width: 525px) 100vw, 525px\" \/>\t\t\t\t\t\t\t\t\t\t\t\t\t\t\t<\/div>\n\t\t\t\t<\/div>\n\t\t\t\t<div class=\"elementor-element elementor-element-f95cae6 elementor-widget elementor-widget-image\" data-id=\"f95cae6\" data-element_type=\"widget\" data-widget_type=\"image.default\">\n\t\t\t\t<div class=\"elementor-widget-container\">\n\t\t\t\t\t\t\t\t\t\t\t\t\t\t\t<img loading=\"lazy\" decoding=\"async\" width=\"525\" height=\"794\" src=\"https:\/\/www.lepalaisdupaindepices.com\/wp-content\/uploads\/2025\/05\/prod2-677x1024.jpg\" class=\"attachment-large size-large wp-image-2347\" alt=\"\" srcset=\"https:\/\/www.lepalaisdupaindepices.com\/wp-content\/uploads\/2025\/05\/prod2-677x1024.jpg 677w, https:\/\/www.lepalaisdupaindepices.com\/wp-content\/uploads\/2025\/05\/prod2-198x300.jpg 198w, https:\/\/www.lepalaisdupaindepices.com\/wp-content\/uploads\/2025\/05\/prod2-768x1162.jpg 768w, https:\/\/www.lepalaisdupaindepices.com\/wp-content\/uploads\/2025\/05\/prod2-1016x1536.jpg 1016w, https:\/\/www.lepalaisdupaindepices.com\/wp-content\/uploads\/2025\/05\/prod2.jpg 1290w\" sizes=\"(max-width: 525px) 100vw, 525px\" \/>\t\t\t\t\t\t\t\t\t\t\t\t\t\t\t<\/div>\n\t\t\t\t<\/div>\n\t\t\t\t<div class=\"elementor-element elementor-element-1095f12 elementor-widget elementor-widget-image\" data-id=\"1095f12\" data-element_type=\"widget\" data-widget_type=\"image.default\">\n\t\t\t\t<div class=\"elementor-widget-container\">\n\t\t\t\t\t\t\t\t\t\t\t\t\t\t\t<img loading=\"lazy\" decoding=\"async\" width=\"525\" height=\"684\" src=\"https:\/\/www.lepalaisdupaindepices.com\/wp-content\/uploads\/2025\/03\/f9887dd1f1463fb2b87da5a22e51fd21-min-786x1024.png\" class=\"attachment-large size-large wp-image-1594\" alt=\"\" srcset=\"https:\/\/www.lepalaisdupaindepices.com\/wp-content\/uploads\/2025\/03\/f9887dd1f1463fb2b87da5a22e51fd21-min-786x1024.png 786w, https:\/\/www.lepalaisdupaindepices.com\/wp-content\/uploads\/2025\/03\/f9887dd1f1463fb2b87da5a22e51fd21-min-230x300.png 230w, https:\/\/www.lepalaisdupaindepices.com\/wp-content\/uploads\/2025\/03\/f9887dd1f1463fb2b87da5a22e51fd21-min-768x1000.png 768w, https:\/\/www.lepalaisdupaindepices.com\/wp-content\/uploads\/2025\/03\/f9887dd1f1463fb2b87da5a22e51fd21-min.png 1000w\" sizes=\"(max-width: 525px) 100vw, 525px\" \/>\t\t\t\t\t\t\t\t\t\t\t\t\t\t\t<\/div>\n\t\t\t\t<\/div>\n\t\t\t\t<div class=\"elementor-element elementor-element-3d80e79 elementor-widget elementor-widget-image\" data-id=\"3d80e79\" data-element_type=\"widget\" data-widget_type=\"image.default\">\n\t\t\t\t<div class=\"elementor-widget-container\">\n\t\t\t\t\t\t\t\t\t\t\t\t\t\t\t<img loading=\"lazy\" decoding=\"async\" width=\"525\" height=\"700\" src=\"https:\/\/www.lepalaisdupaindepices.com\/wp-content\/uploads\/2025\/03\/8881ab5925f9fdcea2323b8378f6a06c-1-1-768x1024.png\" class=\"attachment-large size-large wp-image-1576\" alt=\"\" srcset=\"https:\/\/www.lepalaisdupaindepices.com\/wp-content\/uploads\/2025\/03\/8881ab5925f9fdcea2323b8378f6a06c-1-1-768x1024.png 768w, https:\/\/www.lepalaisdupaindepices.com\/wp-content\/uploads\/2025\/03\/8881ab5925f9fdcea2323b8378f6a06c-1-1-225x300.png 225w, https:\/\/www.lepalaisdupaindepices.com\/wp-content\/uploads\/2025\/03\/8881ab5925f9fdcea2323b8378f6a06c-1-1.png 1000w\" sizes=\"(max-width: 525px) 100vw, 525px\" \/>\t\t\t\t\t\t\t\t\t\t\t\t\t\t\t<\/div>\n\t\t\t\t<\/div>\n\t\t\t\t<\/div>\n\t\t\t\t\t<\/div>\n\t\t\t\t<\/div>\n\t\t<div class=\"elementor-element elementor-element-447858a bg-border-mid bloc-banner e-flex e-con-boxed e-con e-parent\" data-id=\"447858a\" data-element_type=\"container\">\n\t\t\t\t\t<div class=\"e-con-inner\">\n\t\t<div class=\"elementor-element elementor-element-23ca408 e-con-full e-flex e-con e-child\" data-id=\"23ca408\" data-element_type=\"container\">\n\t\t\t\t<div class=\"elementor-element elementor-element-9e0daec elementor-widget elementor-widget-heading\" data-id=\"9e0daec\" data-element_type=\"widget\" data-widget_type=\"heading.default\">\n\t\t\t\t<div class=\"elementor-widget-container\">\n\t\t\t\t\t<h2 class=\"elementor-heading-title elementor-size-default\">Zeit sparen, online buchen<\/h2>\t\t\t\t<\/div>\n\t\t\t\t<\/div>\n\t\t\t\t<div class=\"elementor-element elementor-element-0c91ad3 elementor-widget elementor-widget-text-editor\" data-id=\"0c91ad3\" data-element_type=\"widget\" data-widget_type=\"text-editor.default\">\n\t\t\t\t<div class=\"elementor-widget-container\">\n\t\t\t\t\t\t\t\t\t<p style=\"text-align: center;\">Planen Sie Ihren Besuch ganz entspannt, indem Sie Ihre Tickets direkt online reservieren \u2013 maximale Flexibilit\u00e4t inklusive!<\/p><p class=\"buttons\" style=\"text-align: center;\"><a class=\"button button-primary button-arrow\" href=\"https:\/\/www.lepalaisdupaindepices.com\/de\/ticketverkauf\/\">Ticketverkauf<\/a><a class=\"button button-link button-info\" href=\"#\">Praktische Informationen<\/a><\/p>\t\t\t\t\t\t\t\t<\/div>\n\t\t\t\t<\/div>\n\t\t\t\t<\/div>\n\t\t\t\t\t<\/div>\n\t\t\t\t<\/div>\n\t\t\t\t<\/div>\n\t\t","protected":false},"excerpt":{"rendered":"<p>Tauchen Sie ein in die k\u00f6stliche Welt des Lebkuchens! Mannele nimmt Sie mit auf eine Entdeckungsreise durch die k\u00f6stliche Welt des Lebkuchens auf \u00fcber 800 m\u00b2. Sehen Sie das Video des Museums. \u00d6ffnungszeiten Montag bis Samstag von 9:00 bis 12:00 Uhr und von 14:00 bis 18:00 Uhr . Sonn- und Feiertagen von 10:00 bis 12;00 [&hellip;]<\/p>\n","protected":false},"author":1,"featured_media":0,"parent":0,"menu_order":0,"comment_status":"closed","ping_status":"closed","template":"tpl-default-elementor.php","meta":{"footnotes":""},"class_list":["post-1717","page","type-page","status-publish","hentry"],"yoast_head":"<!-- This site is optimized with the Yoast SEO plugin v26.6 - https:\/\/yoast.com\/wordpress\/plugins\/seo\/ -->\n<title>Homepage | Le palais du pain d&#039;\u00e9pices<\/title>\n<meta name=\"robots\" content=\"index, follow, max-snippet:-1, max-image-preview:large, max-video-preview:-1\" \/>\n<link rel=\"canonical\" href=\"https:\/\/www.lepalaisdupaindepices.com\/de\/\" \/>\n<meta property=\"og:locale\" content=\"de_DE\" \/>\n<meta property=\"og:type\" content=\"article\" \/>\n<meta property=\"og:title\" content=\"Homepage | Le palais du pain d&#039;\u00e9pices\" \/>\n<meta property=\"og:description\" content=\"Tauchen Sie ein in die k\u00f6stliche Welt des Lebkuchens! Mannele nimmt Sie mit auf eine Entdeckungsreise durch die k\u00f6stliche Welt des Lebkuchens auf \u00fcber 800 m\u00b2. Sehen Sie das Video des Museums. \u00d6ffnungszeiten Montag bis Samstag von 9:00 bis 12:00 Uhr und von 14:00 bis 18:00 Uhr . Sonn- und Feiertagen von 10:00 bis 12;00 [&hellip;]\" \/>\n<meta property=\"og:url\" content=\"https:\/\/www.lepalaisdupaindepices.com\/de\/\" \/>\n<meta property=\"og:site_name\" content=\"Le palais du pain d&#039;\u00e9pices\" \/>\n<meta property=\"article:modified_time\" content=\"2026-02-19T14:58:22+00:00\" \/>\n<meta property=\"og:image\" content=\"https:\/\/www.lepalaisdupaindepices.com\/wp-content\/uploads\/2025\/03\/Horaire-1.svg\" \/>\n<meta name=\"twitter:card\" content=\"summary_large_image\" \/>\n<meta name=\"twitter:label1\" content=\"Gesch\u00e4tzte Lesezeit\" \/>\n\t<meta name=\"twitter:data1\" content=\"11\u00a0Minuten\" \/>\n<script type=\"application\/ld+json\" class=\"yoast-schema-graph\">{\"@context\":\"https:\/\/schema.org\",\"@graph\":[{\"@type\":\"WebPage\",\"@id\":\"https:\/\/www.lepalaisdupaindepices.com\/de\/\",\"url\":\"https:\/\/www.lepalaisdupaindepices.com\/de\/\",\"name\":\"Homepage | Le palais du pain d&#039;\u00e9pices\",\"isPartOf\":{\"@id\":\"https:\/\/www.lepalaisdupaindepices.com\/de\/#website\"},\"primaryImageOfPage\":{\"@id\":\"https:\/\/www.lepalaisdupaindepices.com\/de\/#primaryimage\"},\"image\":{\"@id\":\"https:\/\/www.lepalaisdupaindepices.com\/de\/#primaryimage\"},\"thumbnailUrl\":\"https:\/\/www.lepalaisdupaindepices.com\/wp-content\/uploads\/2025\/03\/Horaire-1.svg\",\"datePublished\":\"2020-05-14T02:08:16+00:00\",\"dateModified\":\"2026-02-19T14:58:22+00:00\",\"breadcrumb\":{\"@id\":\"https:\/\/www.lepalaisdupaindepices.com\/de\/#breadcrumb\"},\"inLanguage\":\"de\",\"potentialAction\":[{\"@type\":\"ReadAction\",\"target\":[\"https:\/\/www.lepalaisdupaindepices.com\/de\/\"]}]},{\"@type\":\"ImageObject\",\"inLanguage\":\"de\",\"@id\":\"https:\/\/www.lepalaisdupaindepices.com\/de\/#primaryimage\",\"url\":\"https:\/\/www.lepalaisdupaindepices.com\/wp-content\/uploads\/2025\/03\/Horaire-1.svg\",\"contentUrl\":\"https:\/\/www.lepalaisdupaindepices.com\/wp-content\/uploads\/2025\/03\/Horaire-1.svg\"},{\"@type\":\"BreadcrumbList\",\"@id\":\"https:\/\/www.lepalaisdupaindepices.com\/de\/#breadcrumb\",\"itemListElement\":[{\"@type\":\"ListItem\",\"position\":1,\"name\":\"Home\",\"item\":\"https:\/\/www.lepalaisdupaindepices.com\/de\/\"},{\"@type\":\"ListItem\",\"position\":2,\"name\":\"Homepage\"}]},{\"@type\":\"WebSite\",\"@id\":\"https:\/\/www.lepalaisdupaindepices.com\/de\/#website\",\"url\":\"https:\/\/www.lepalaisdupaindepices.com\/de\/\",\"name\":\"Le palais du pain d&#039;\u00e9pices\",\"description\":\"\",\"potentialAction\":[{\"@type\":\"SearchAction\",\"target\":{\"@type\":\"EntryPoint\",\"urlTemplate\":\"https:\/\/www.lepalaisdupaindepices.com\/de\/?s={search_term_string}\"},\"query-input\":{\"@type\":\"PropertyValueSpecification\",\"valueRequired\":true,\"valueName\":\"search_term_string\"}}],\"inLanguage\":\"de\"}]}<\/script>\n<!-- \/ Yoast SEO plugin. -->","yoast_head_json":{"title":"Homepage | Le palais du pain d&#039;\u00e9pices","robots":{"index":"index","follow":"follow","max-snippet":"max-snippet:-1","max-image-preview":"max-image-preview:large","max-video-preview":"max-video-preview:-1"},"canonical":"https:\/\/www.lepalaisdupaindepices.com\/de\/","og_locale":"de_DE","og_type":"article","og_title":"Homepage | Le palais du pain d&#039;\u00e9pices","og_description":"Tauchen Sie ein in die k\u00f6stliche Welt des Lebkuchens! Mannele nimmt Sie mit auf eine Entdeckungsreise durch die k\u00f6stliche Welt des Lebkuchens auf \u00fcber 800 m\u00b2. Sehen Sie das Video des Museums. \u00d6ffnungszeiten Montag bis Samstag von 9:00 bis 12:00 Uhr und von 14:00 bis 18:00 Uhr . Sonn- und Feiertagen von 10:00 bis 12;00 [&hellip;]","og_url":"https:\/\/www.lepalaisdupaindepices.com\/de\/","og_site_name":"Le palais du pain d&#039;\u00e9pices","article_modified_time":"2026-02-19T14:58:22+00:00","og_image":[{"url":"https:\/\/www.lepalaisdupaindepices.com\/wp-content\/uploads\/2025\/03\/Horaire-1.svg","type":"","width":"","height":""}],"twitter_card":"summary_large_image","twitter_misc":{"Gesch\u00e4tzte Lesezeit":"11\u00a0Minuten"},"schema":{"@context":"https:\/\/schema.org","@graph":[{"@type":"WebPage","@id":"https:\/\/www.lepalaisdupaindepices.com\/de\/","url":"https:\/\/www.lepalaisdupaindepices.com\/de\/","name":"Homepage | Le palais du pain d&#039;\u00e9pices","isPartOf":{"@id":"https:\/\/www.lepalaisdupaindepices.com\/de\/#website"},"primaryImageOfPage":{"@id":"https:\/\/www.lepalaisdupaindepices.com\/de\/#primaryimage"},"image":{"@id":"https:\/\/www.lepalaisdupaindepices.com\/de\/#primaryimage"},"thumbnailUrl":"https:\/\/www.lepalaisdupaindepices.com\/wp-content\/uploads\/2025\/03\/Horaire-1.svg","datePublished":"2020-05-14T02:08:16+00:00","dateModified":"2026-02-19T14:58:22+00:00","breadcrumb":{"@id":"https:\/\/www.lepalaisdupaindepices.com\/de\/#breadcrumb"},"inLanguage":"de","potentialAction":[{"@type":"ReadAction","target":["https:\/\/www.lepalaisdupaindepices.com\/de\/"]}]},{"@type":"ImageObject","inLanguage":"de","@id":"https:\/\/www.lepalaisdupaindepices.com\/de\/#primaryimage","url":"https:\/\/www.lepalaisdupaindepices.com\/wp-content\/uploads\/2025\/03\/Horaire-1.svg","contentUrl":"https:\/\/www.lepalaisdupaindepices.com\/wp-content\/uploads\/2025\/03\/Horaire-1.svg"},{"@type":"BreadcrumbList","@id":"https:\/\/www.lepalaisdupaindepices.com\/de\/#breadcrumb","itemListElement":[{"@type":"ListItem","position":1,"name":"Home","item":"https:\/\/www.lepalaisdupaindepices.com\/de\/"},{"@type":"ListItem","position":2,"name":"Homepage"}]},{"@type":"WebSite","@id":"https:\/\/www.lepalaisdupaindepices.com\/de\/#website","url":"https:\/\/www.lepalaisdupaindepices.com\/de\/","name":"Le palais du pain d&#039;\u00e9pices","description":"","potentialAction":[{"@type":"SearchAction","target":{"@type":"EntryPoint","urlTemplate":"https:\/\/www.lepalaisdupaindepices.com\/de\/?s={search_term_string}"},"query-input":{"@type":"PropertyValueSpecification","valueRequired":true,"valueName":"search_term_string"}}],"inLanguage":"de"}]}},"_links":{"self":[{"href":"https:\/\/www.lepalaisdupaindepices.com\/de\/wp-json\/wp\/v2\/pages\/1717","targetHints":{"allow":["GET"]}}],"collection":[{"href":"https:\/\/www.lepalaisdupaindepices.com\/de\/wp-json\/wp\/v2\/pages"}],"about":[{"href":"https:\/\/www.lepalaisdupaindepices.com\/de\/wp-json\/wp\/v2\/types\/page"}],"author":[{"embeddable":true,"href":"https:\/\/www.lepalaisdupaindepices.com\/de\/wp-json\/wp\/v2\/users\/1"}],"replies":[{"embeddable":true,"href":"https:\/\/www.lepalaisdupaindepices.com\/de\/wp-json\/wp\/v2\/comments?post=1717"}],"version-history":[{"count":66,"href":"https:\/\/www.lepalaisdupaindepices.com\/de\/wp-json\/wp\/v2\/pages\/1717\/revisions"}],"predecessor-version":[{"id":2641,"href":"https:\/\/www.lepalaisdupaindepices.com\/de\/wp-json\/wp\/v2\/pages\/1717\/revisions\/2641"}],"wp:attachment":[{"href":"https:\/\/www.lepalaisdupaindepices.com\/de\/wp-json\/wp\/v2\/media?parent=1717"}],"curies":[{"name":"wp","href":"https:\/\/api.w.org\/{rel}","templated":true}]}}